{"id":7873,"date":"2014-11-19T18:13:46","date_gmt":"2014-11-19T18:13:46","guid":{"rendered":"http:\/\/test.webwise.ie\/?page_id=7873"},"modified":"2025-06-24T12:24:53","modified_gmt":"2025-06-24T12:24:53","slug":"faigh-acmhainni","status":"publish","type":"page","link":"https:\/\/www.webwise.ie\/ga\/faigh-acmhainni\/","title":{"rendered":"Faigh Acmhainn\u00ed"},"content":{"rendered":"<p>T\u00e1 roinnt acmhainn\u00ed m\u00fainteoireachta maidir le s\u00e1bh\u00e1ilteacht Idirl\u00edn curtha le ch\u00e9ile ag foireann Webwise. T\u00e1 na hacmhainn\u00ed ar f\u00e1il duitse, do do scoil n\u00f3 do d\u2019eagra\u00edocht saor in aisce. Is f\u00e9idir iad a \u00fas\u00e1id chun cabhr\u00fa le daoine \u00f3ga foghlaim faoin m\u00e9id a theasta\u00edonn chun na me\u00e1in nua a \u00fas\u00e1id go s\u00e1bh\u00e1ilte, go sl\u00e1n agus ar bhealach dearfach. T\u00e1 acmhainn\u00ed breise maidir le s\u00e1bh\u00e1ilteacht Idirl\u00edn ar f\u00e1il lena n-\u00edosl\u00f3d\u00e1il \u00f3\u00a0na leathanaigh <a title=\"Treoirleabhair do Thuismitheoir\u00ed\" href=\"https:\/\/www.webwise.ie\/guides-parents\/\">Treoirleabhair do Thuismitheoir\u00ed<\/a> agus <a title=\"Beartas Scoile\" href=\"\/category\/teachers\/school-policy\/\">Beartas Scoile<\/a>.<\/p>\n<p><strong><img loading=\"lazy\" decoding=\"async\" class=\"wp-image-88411 alignleft\" src=\"https:\/\/www.webwise.ie\/wp-content\/uploads\/2025\/06\/Eifeacht-an-Omois-211x300.jpg\" alt=\"\" width=\"125\" height=\"177\" srcset=\"https:\/\/www.webwise.ie\/wp-content\/uploads\/2025\/06\/Eifeacht-an-Omois-211x300.jpg 211w, https:\/\/www.webwise.ie\/wp-content\/uploads\/2025\/06\/Eifeacht-an-Omois-721x1024.jpg 721w, https:\/\/www.webwise.ie\/wp-content\/uploads\/2025\/06\/Eifeacht-an-Omois-768x1091.jpg 768w, https:\/\/www.webwise.ie\/wp-content\/uploads\/2025\/06\/Eifeacht-an-Omois-422x600.jpg 422w, https:\/\/www.webwise.ie\/wp-content\/uploads\/2025\/06\/Eifeacht-an-Omois.jpg 790w\" sizes=\"auto, (max-width: 125px) 100vw, 125px\" \/><a href=\"https:\/\/www.webwise.ie\/download\/78377\/\">\u00c9ifeacht an \u00d3m\u00f3is<\/a> &#8211; Ag Teacht le Ch\u00e9ile agus ag D\u00e9anamh Cumars\u00e1ide Ar L\u00edne <\/strong><\/p>\n<p>Dearadh an acmhainn oideachais frithbhula\u00edochta seo chun tac\u00fa le m\u00fainteoir\u00ed dul i ngleic leis na tortha\u00ed foghlama laistigh de ch\u00farsa OSPS na Sraithe S\u00f3iseara\u00ed, tortha\u00ed a bhfuil baint acu leis an mbula\u00edocht ar l\u00edne agus le hiompar droch\u00eddeach agus chun cumhacht a thabhairt do scol\u00e1ir\u00ed gn\u00edomh\u00fa in aghaidh na bula\u00edochta ar l\u00edne, tr\u00edna gcuid gn\u00edomhartha dearfacha agus iompra\u00edochta\u00ed f\u00e9in.<br \/>\n<a href=\"https:\/\/www.webwise.ie\/download\/78377\/\">Is f\u00e9idir \u00e9 a \u00edosl\u00f3d\u00e1il anseo<\/a><\/p>\n<p>&nbsp;<\/p>\n<p><strong><img loading=\"lazy\" decoding=\"async\" class=\"size-full wp-image-46897 alignleft\" src=\"https:\/\/www.webwise.ie\/wp-content\/uploads\/2021\/03\/AllAboardforDigiTown.jpg\" alt=\"\" width=\"190\" height=\"130\" \/>All Aboard for DigiTown<\/strong><\/p>\n<p>Conair foghlama do ph\u00e1ist\u00ed idir 9-12 bhliain d\u2019aois maidir le conas a bheith i do shaor\u00e1nach digiteach cliste. Cuidigh le dalta\u00ed agus iad ag fiosr\u00fa choincheap na saor\u00e1nachta digit\u00ed thar 10 dt\u00e9ama \u00e9ags\u00fala sa leabhar gn\u00edomha\u00edochta\u00ed le haghaidh DigiTown. I measc na n-\u00e1bhar at\u00e1 ann t\u00e1 feasacht tomhaltachais, cearta, foll\u00e1ine, litearthacht na me\u00e1n agus na faisn\u00e9ise, c\u00farsa\u00ed eitice agus comhbh\u00e1, pr\u00edobh\u00e1ideachas agus i bhfad n\u00edos m\u00f3!<\/p>\n<p>&nbsp;<\/p>\n<p><strong><a href=\"https:\/\/www.webwise.ie\/connected\/\"><img loading=\"lazy\" decoding=\"async\" class=\"alignleft wp-image-32360 size-full\" src=\"https:\/\/www.webwise.ie\/wp-content\/uploads\/2020\/08\/img0001.jpg\" alt=\"\" width=\"190\" height=\"130\" \/><\/a> <a href=\"http:\/\/www.webwise.ie\/connected\">Connected<\/a>:<\/strong> Ceapadh Ceangailte go sonrach do mh\u00fainteoir\u00ed<\/p>\n<p>Ghearrch\u00farsa na Sraithe S\u00f3iseara\u00ed \u2018Litearthacht ar na Me\u00e1in Dhigiteacha\u2019 ar mian leo ini\u00fachadh a dh\u00e9anamhorthu seo a leanas; Foll\u00e1ine ar L\u00edne; Nuacht, faisn\u00e9is agus na fadhbanna a bhaineann le faisn\u00e9is bhr\u00e9agach; Olltioms\u00fa sonra\u00ed agus an geilleagar sonra\u00ed; Cearta daoine \u00f3ga ar l\u00edne.<\/p>\n<p><a href=\"https:\/\/www.webwise.ie\/download\/30145\/\">Is f\u00e9idir \u00e9 a \u00edosl\u00f3d\u00e1il anseo<\/a><\/p>\n<p>&nbsp;<\/p>\n<p><strong><a href=\"https:\/\/www.webwise.ie\/beinctrl\/\"><img loading=\"lazy\" decoding=\"async\" class=\"alignleft wp-image-32363 size-full\" src=\"https:\/\/www.webwise.ie\/wp-content\/uploads\/2020\/08\/img0002.jpg\" alt=\"\" width=\"190\" height=\"130\" \/><\/a><a href=\"https:\/\/www.webwise.ie\/beinctrl\/\">B\u00ed in Ctrl<\/a>:<\/strong> Faisn\u00e9is agus\u00a0acmhainn\u00ed do scoileanna\u00a0le dul i ngleic le comh\u00e9ighean agus sracadh gn\u00e9asach ar l\u00edne.<\/p>\n<p><a href=\"https:\/\/www.webwise.ie\/download\/15793\/\">Is f\u00e9idir \u00e9 a \u00edosl\u00f3d\u00e1il anseo<\/a><\/p>\n<p>&nbsp;<\/p>\n<p>&nbsp;<\/p>\n<h2><strong><a title=\"Faigh Paca Uirlis\u00ed Frithbhula\u00edochta L\u00e1 na S\u00e1bh\u00e1ilteachta Idirl\u00edn 2014\" href=\"https:\/\/www.webwise.ie\/2014\/teachers\/get-the-sid2014-anti-bullying-kit-3\/\"><img loading=\"lazy\" decoding=\"async\" class=\"alignleft wp-image-1719 size-thumbnail\" src=\"https:\/\/www.webwise.ie\/wp-content\/uploads\/2014\/05\/Up2UsPicResource-190x130.jpg\" alt=\"acmhainn\u00ed s\u00e1bh\u00e1ilteacht Idirl\u00edn cibearbhula\u00edocht #up2us osps\" width=\"190\" height=\"130\" \/><\/a><\/strong><\/h2>\n<p><a title=\"Faigh Paca Uirlis\u00ed Frithbhula\u00edochta L\u00e1 na S\u00e1bh\u00e1ilteachta Idirl\u00edn 2014\" href=\"https:\/\/www.webwise.ie\/download\/12660\/\"><strong>Paca Uirlis\u00ed Frithbhula\u00edochta #Up2Us<\/strong><\/a>: Glac na ch\u00e9ad bhearta chun an l\u00e1mh in uachtar a fh\u00e1il ar an mbula\u00edocht i do phobal tr\u00ed Phaca Uirlis\u00ed Frithbhula\u00edochta #Up2Us saor in aisce a ord\u00fa inniu. Istigh sa phaca uirlis\u00ed gheobhaidh t\u00fa gn\u00edomha\u00edochta\u00ed chun dul i ngleic leis an mbula\u00edocht, gream\u00e1in dhathannacha\u00a0 agus sol\u00e1thairt\u00ed chun feachtais \u00a0ph\u00f3staeir idirghn\u00edomhaigh\u00a0 a chruth\u00fa. San \u00e1ireamh freisin t\u00e1 an \u00a0L\u00e1mhleabhar do Mh\u00fainteoir\u00ed\u00a0 ar Fhrithbhula\u00edocht de chuid #Up2Us ina bhfuil smaointe faoi cheachtanna do OSPS na Sraithe S\u00f3iseara\u00ed<\/p>\n<p><a href=\"https:\/\/www.webwise.ie\/download\/12660\/\">Is f\u00e9idir \u00e9 a \u00edosl\u00f3d\u00e1il anseo<\/a><\/p>\n<p>&nbsp;<\/p>\n<p><strong><a href=\"https:\/\/www.webwise.ie\/ga\/nuacht-ga\/myselfie-agus-an-domhan-mor-seolta\/\">MySelfie agus an Domhan M\u00f3r<\/a><a href=\"https:\/\/www.webwise.ie\/teachers\/myselfie\/\"><img loading=\"lazy\" decoding=\"async\" class=\"alignleft wp-image-7836 size-thumbnail\" src=\"https:\/\/www.webwise.ie\/wp-content\/uploads\/2014\/05\/MySelfie-cover-190x130.jpg\" alt=\"\" width=\"190\" height=\"130\" \/><\/a><\/strong><strong>\u00a0<\/strong>:\u00a0Cabhr\u00f3idh an acmhainn le dalta\u00ed forbairt a dh\u00e9anamh ar\u00a0na scileanna agus ar an tuiscint a theasta\u00edonn chun an tIdirl\u00edon a \u00fas\u00e1id go freagrach, go h\u00e9ifeachtach\u00a0agus go hairdeallach ar ch\u00farsa\u00ed s\u00f3isialta, agus iad ag baint triail as l\u00edonra\u00ed s\u00f3isialta den ch\u00e9ad uair.\u00a0Gn\u00e9 l\u00e1rnach den acmhainn seo is ea sraith beochaint\u00ed gearra.\u00a0Faigheann na beochaint\u00ed sin taca\u00edocht \u00f3n acmhainn teagaisc c\u00faig cheacht seo ar\u00a0chibearbhula\u00edocht, at\u00e1 d\u00edrithe ar dhalta\u00ed OSPS i rang 5 agus i rang 6.<\/p>\n<p><a href=\"https:\/\/www.webwise.ie\/download\/16658\/\">Is f\u00e9idir \u00e9 a \u00edoslo\u00f3d\u00e1il anseo\u00a0<\/a><\/p>\n<p>&nbsp;<\/p>\n<p><a href=\"https:\/\/www.webwise.ie\/ga\/taisceadain\/\"><strong>Lockers<img loading=\"lazy\" decoding=\"async\" class=\"alignleft wp-image-12429 size-full\" src=\"https:\/\/www.webwise.ie\/wp-content\/uploads\/2014\/11\/lockers.jpg\" alt=\"\" width=\"190\" height=\"130\" \/><\/strong>:<\/a>\u00a0Is acmhainn OSPS \u00e9 Taiscead\u00e1in do mhac l\u00e9inn an dara agus tri\u00fa bliain leis an topaic, \u00edomh\u00e1 a roinnt gan cead gan cead a phl\u00e9. Mar chuid den acmhainn t\u00e1 dh\u00e1 beochaint\u00ed gearr, s\u00e9 cheacht agus eolais do cheannair\u00ed scoile.<\/p>\n<p><a href=\"https:\/\/www.webwise.ie\/download\/49050\/\">Is f\u00e9idir \u00e9 a \u00edosl\u00f3d\u00e1il anseo<\/a><\/p>\n<p>&nbsp;<\/p>\n<p>&nbsp;<\/p>\n<p><img loading=\"lazy\" decoding=\"async\" class=\"alignleft wp-image-20724 size-full\" src=\"https:\/\/www.webwise.ie\/wp-content\/uploads\/2019\/04\/Untitled-design-3.png\" alt=\"\" width=\"190\" height=\"130\" \/>Dearadh Laochra HTML go saini\u00fail do mh\u00fainteoir\u00ed bunscoile ar mhaith leo an ts\u00e1bh\u00e1ilteacht idirl\u00edn a thabhairt isteach i dteagasc churaclam an OSPS \u2014 Forbra\u00edodh an Cl\u00e1r Oideachais seo chun cabhair a thabhairt d\u2019oideachas\u00f3ir\u00ed, agus chun tac\u00fa leo, agus dalta\u00ed \u00e1 m\u00faineadh acu faoin gcaoi a n-\u00fas\u00e1idtear an tIdirl\u00edon ar shl\u00ed sh\u00e1bh\u00e1ilte agus fhreagrach.<\/p>\n<p><a href=\"https:\/\/www.webwise.ie\/uncategorized\/html-heroes-as-gaeilge\/\">Is f\u00e9idir \u00e9 a \u00edoslo\u00f3d\u00e1il anseo\u00a0<\/a><\/p>\n<p>&nbsp;<\/p>\n<p><a title=\"Cumars\u00e1id ar L\u00edne le Meas\" href=\"https:\/\/www.webwise.ie\/2014\/teachers\/respectful-online-communication\/\"><img loading=\"lazy\" decoding=\"async\" class=\"alignleft wp-image-2690 size-thumbnail\" src=\"https:\/\/www.webwise.ie\/wp-content\/uploads\/2014\/06\/Respectful-Online-Communication-e1404312716286-190x130.jpg\" alt=\"acmhainn\u00ed garda scoileanna bunscoil cumars\u00e1id ar l\u00edne\" width=\"190\" height=\"130\" \/><\/a><strong><a title=\"Cumars\u00e1id ar L\u00edne le Meas\" href=\"https:\/\/www.webwise.ie\/2014\/teachers\/respectful-online-communication\/\">Cumars\u00e1id ar L\u00edne le Meas<\/a><\/strong>:\u00a0<span style=\"color: #000000;\">Mar chuid de Chl\u00e1r Scoileanna na nGarda\u00ed a chuireann Garda\u00ed pobail na cainteanna seo i l\u00e1thair. T\u00e1 na cainteanna i leith \u201cCumars\u00e1id ar L\u00edne le Meas\u201d d\u00edrithe ar dhalta\u00ed i rang a c\u00faig. Cl\u00fada\u00edonn\u00a0siad raon topaic\u00ed lena n-\u00e1ir\u00edtear cibearbhula\u00edocht agus ceisteanna ginear\u00e1lta sl\u00e1nd\u00e1la agus s\u00e1bh\u00e1ilteachta ar l\u00edne.<\/span><\/p>\n<p style=\"color: #000000;\"><a title=\"Cumars\u00e1id ar L\u00edne le Meas\" href=\"https:\/\/www.webwise.ie\/2014\/teachers\/respectful-online-communication\/\">M\u00e1s mian leat teacht ar cheann de na cainteanna sin, d\u00e9an teagmh\u00e1il leis an st\u00e1isi\u00fan Garda\u00ed is gaire duit, n\u00f3\u00a0le Cl\u00e1r Scoileanna na nGarda\u00ed ar 01 6663891.<\/a><\/p>\n<p>&nbsp;<\/p>\n<p><a title=\"Web We Want\" href=\"https:\/\/www.webwise.ie\/2014\/teachers\/web-we-want-2\/\"><img loading=\"lazy\" decoding=\"async\" class=\"alignleft wp-image-1010 size-thumbnail\" src=\"https:\/\/www.webwise.ie\/wp-content\/uploads\/2014\/05\/Web-We-Want-1-190x130.jpg\" alt=\"acmhainn\u00ed teagasc s\u00e1bh\u00e1ilteacht Idirl\u00edn d\u00e9ag\u00f3ir\u00ed\" width=\"190\" height=\"130\" \/><\/a><\/p>\n<p><strong><a title=\"Web We Want\" href=\"https:\/\/www.webwise.ie\/2014\/teachers\/web-we-want-2\/\">Web We Want<\/a><\/strong>:\u00a0L\u00e1mhleabhar oideachas\u00fail at\u00e1 ceaptha d\u00f3ibh si\u00fad idir 13-16 bliana d\u2019aois at\u00e1 i gceist le\u00a0Web We Want\u00a0a forbra\u00edodh i gcomhar le daoine \u00f3ga.\u00a0Ach \u00fas\u00e1id a bhaint as\u00a0Web We Want<em>,<\/em>\u00a0tig leat n\u00edos m\u00f3 a fhoghlaim faoi do chuid ceart ar l\u00edne agus leideanna a chruth\u00fa agus a roinnt le daoine \u00f3ga ar fud an domhain.<\/p>\n<p>&nbsp;<\/p>\n<p>&nbsp;<\/p>\n<p>&nbsp;<\/p>\n<p style=\"text-align: left;\"><a title=\"An Cl\u00e1r \u2018Nasc le Meas\u2019\" href=\"https:\/\/www.webwise.ie\/2014\/teachers\/connect-with-respect-programme-2\/\"><img loading=\"lazy\" decoding=\"async\" class=\"alignleft wp-image-2844\" src=\"https:\/\/www.webwise.ie\/wp-content\/uploads\/2014\/05\/Connect-with-Respect2-e1406026905634-154x130.jpg\" alt=\"acmhainn\u00ed garda scoileanna cibearbhula\u00edocht nasc le meas\" width=\"190\" height=\"155\" \/><\/a><\/p>\n<p>&nbsp;<\/p>\n<p style=\"text-align: left;\"><a title=\"An Cl\u00e1r \u2018Nasc le Meas\u2019\" href=\"https:\/\/www.webwise.ie\/2014\/teachers\/connect-with-respect-programme-2\/\"><strong>Nasc le Meas<\/strong><\/a>: Arna fhorbairt le Cl\u00e1r Scoileanna na nGarda\u00ed, cuid\u00edonn\u00a0an paca \u201cNasc le Meas\u201d\u00a0le dalta\u00ed in iar-bhunscoileanna\u00a0tuiscint a fh\u00e1il ar an tionchar is f\u00e9idir le cibearbhula\u00edocht a imirt ar dhaoine \u00e9ags\u00fala, agus a aithint nach f\u00e9idir glacadh le cibearbhula\u00edocht.<\/p>\n<p>&nbsp;<\/p>\n<p style=\"text-align: left;\"><a href=\"https:\/\/www.webwise.ie\/2014\/teachers\/connect-with-respect-programme-2\/\">M\u00e1s mian leat teacht ar cheann de na cainteanna sin, d\u00e9an teagmh\u00e1il leis an st\u00e1isi\u00fan Garda\u00ed is gaire duit, n\u00f3\u00a0le Cl\u00e1r Scoileanna na nGarda\u00ed ar 01 6663891.<\/a><\/p>\n<p>&nbsp;<\/p>\n<p><em>**Tabhair faoi deara go bhf\u00e9adfadh s\u00e9 a bheith deacair acmhainn\u00ed a shol\u00e1thar i scoileanna tr\u00e1th laethanta saoire. M\u00e1s mian leat d\u2019acmhainn\u00ed saor in aisce a fh\u00e1il roimh Mhe\u00e1n F\u00f3mhair, tabhair seoladh baile agus uimhir ghuth\u00e1in phearsanta.**<br \/>\n<\/em><\/p>\n<p>[vc_btn title=&#8221;ORDER RESOURCES&#8221; style=&#8221;flat&#8221; color=&#8221;pink&#8221; align=&#8221;center&#8221; link=&#8221;url:https%3A%2F%2Fdocs.google.com%2Fforms%2Fd%2Fe%2F1FAIpQLScZ7SPsULGnYOs31ooc8_ikKcj324P4G7rSJ81o5MnCcVrtnw%2Fviewform%3Fusp%3Dalready_responded||target:%20_blank|&#8221;]<\/p>\n","protected":false},"excerpt":{"rendered":"<p>T\u00e1 roinnt acmhainn\u00ed m\u00fainteoireachta maidir le s\u00e1bh\u00e1ilteacht Idirl\u00edn curtha le ch\u00e9ile ag foireann Webwise. T\u00e1 na hacmhainn\u00ed ar f\u00e1il duitse, [&hellip;]<\/p>\n","protected":false},"author":1,"featured_media":0,"parent":0,"menu_order":3,"comment_status":"closed","ping_status":"closed","template":"","meta":{"_acf_changed":false,"_uag_custom_page_level_css":"","footnotes":""},"class_list":["post-7873","page","type-page","status-publish","hentry"],"acf":[],"yoast_head":"<!-- This site is optimized with the Yoast SEO plugin v27.4 - https:\/\/yoast.com\/product\/yoast-seo-wordpress\/ -->\n<title>Acmhainn\u00ed um Sh\u00e1bh\u00e1ilteacht Idirl\u00edn: Faigh ceachtanna saor in aisce faoin gcibearbhula\u00edocht<\/title>\n<meta name=\"description\" content=\"Cabhra\u00edonn acmhainn\u00ed teagaisc Webwise le daoine \u00f3ga foghlaim faoin d\u00f3igh leis na me\u00e1in nua a \u00fas\u00e1id go s\u00e1bh\u00e1ilte agus go dearfach. T\u00e1 pr\u00edobh\u00e1ideachas ar l\u00edne agus an chibearbhula\u00edocht i measc na n-\u00e1bhar a chl\u00fada\u00edtear.\" \/>\n<meta name=\"robots\" content=\"index, follow, max-snippet:-1, max-image-preview:large, max-video-preview:-1\" \/>\n<link rel=\"canonical\" href=\"https:\/\/www.webwise.ie\/ga\/faigh-acmhainni\/\" \/>\n<meta property=\"og:locale\" content=\"en_US\" \/>\n<meta property=\"og:type\" content=\"article\" \/>\n<meta property=\"og:title\" content=\"Acmhainn\u00ed um Sh\u00e1bh\u00e1ilteacht Idirl\u00edn: Faigh ceachtanna saor in aisce faoin gcibearbhula\u00edocht\" \/>\n<meta property=\"og:description\" content=\"Cabhra\u00edonn acmhainn\u00ed teagaisc Webwise le daoine \u00f3ga foghlaim faoin d\u00f3igh leis na me\u00e1in nua a \u00fas\u00e1id go s\u00e1bh\u00e1ilte agus go dearfach. T\u00e1 pr\u00edobh\u00e1ideachas ar l\u00edne agus an chibearbhula\u00edocht i measc na n-\u00e1bhar a chl\u00fada\u00edtear.\" \/>\n<meta property=\"og:url\" content=\"https:\/\/www.webwise.ie\/ga\/faigh-acmhainni\/\" \/>\n<meta property=\"og:site_name\" content=\"Webwise.ie\" \/>\n<meta property=\"article:publisher\" content=\"https:\/\/www.facebook.com\/Webwise\/\" \/>\n<meta property=\"article:modified_time\" content=\"2025-06-24T12:24:53+00:00\" \/>\n<meta property=\"og:image\" content=\"https:\/\/www.webwise.ie\/wp-content\/uploads\/2025\/06\/Eifeacht-an-Omois.jpg\" \/>\n\t<meta property=\"og:image:width\" content=\"790\" \/>\n\t<meta property=\"og:image:height\" content=\"1122\" \/>\n\t<meta property=\"og:image:type\" content=\"image\/jpeg\" \/>\n<meta name=\"twitter:label1\" content=\"Est. reading time\" \/>\n\t<meta name=\"twitter:data1\" content=\"6 minutes\" \/>\n<script type=\"application\/ld+json\" class=\"yoast-schema-graph\">{\"@context\":\"https:\\\/\\\/schema.org\",\"@graph\":[{\"@type\":\"WebPage\",\"@id\":\"https:\\\/\\\/www.webwise.ie\\\/ga\\\/faigh-acmhainni\\\/\",\"url\":\"https:\\\/\\\/www.webwise.ie\\\/ga\\\/faigh-acmhainni\\\/\",\"name\":\"Acmhainn\u00ed um Sh\u00e1bh\u00e1ilteacht Idirl\u00edn: Faigh ceachtanna saor in aisce faoin gcibearbhula\u00edocht\",\"isPartOf\":{\"@id\":\"https:\\\/\\\/www.webwise.ie\\\/ga\\\/#website\"},\"primaryImageOfPage\":{\"@id\":\"https:\\\/\\\/www.webwise.ie\\\/ga\\\/faigh-acmhainni\\\/#primaryimage\"},\"image\":{\"@id\":\"https:\\\/\\\/www.webwise.ie\\\/ga\\\/faigh-acmhainni\\\/#primaryimage\"},\"thumbnailUrl\":\"https:\\\/\\\/www.webwise.ie\\\/wp-content\\\/uploads\\\/2025\\\/06\\\/Eifeacht-an-Omois-211x300.jpg\",\"datePublished\":\"2014-11-19T18:13:46+00:00\",\"dateModified\":\"2025-06-24T12:24:53+00:00\",\"description\":\"Cabhra\u00edonn acmhainn\u00ed teagaisc Webwise le daoine \u00f3ga foghlaim faoin d\u00f3igh leis na me\u00e1in nua a \u00fas\u00e1id go s\u00e1bh\u00e1ilte agus go dearfach. T\u00e1 pr\u00edobh\u00e1ideachas ar l\u00edne agus an chibearbhula\u00edocht i measc na n-\u00e1bhar a chl\u00fada\u00edtear.\",\"breadcrumb\":{\"@id\":\"https:\\\/\\\/www.webwise.ie\\\/ga\\\/faigh-acmhainni\\\/#breadcrumb\"},\"inLanguage\":\"en-GA\",\"potentialAction\":[{\"@type\":\"ReadAction\",\"target\":[\"https:\\\/\\\/www.webwise.ie\\\/ga\\\/faigh-acmhainni\\\/\"]}]},{\"@type\":\"ImageObject\",\"inLanguage\":\"en-GA\",\"@id\":\"https:\\\/\\\/www.webwise.ie\\\/ga\\\/faigh-acmhainni\\\/#primaryimage\",\"url\":\"https:\\\/\\\/www.webwise.ie\\\/wp-content\\\/uploads\\\/2025\\\/06\\\/Eifeacht-an-Omois-211x300.jpg\",\"contentUrl\":\"https:\\\/\\\/www.webwise.ie\\\/wp-content\\\/uploads\\\/2025\\\/06\\\/Eifeacht-an-Omois-211x300.jpg\"},{\"@type\":\"BreadcrumbList\",\"@id\":\"https:\\\/\\\/www.webwise.ie\\\/ga\\\/faigh-acmhainni\\\/#breadcrumb\",\"itemListElement\":[{\"@type\":\"ListItem\",\"position\":1,\"name\":\"Home\",\"item\":\"https:\\\/\\\/www.webwise.ie\\\/ga\\\/\"},{\"@type\":\"ListItem\",\"position\":2,\"name\":\"Faigh Acmhainn\u00ed\"}]},{\"@type\":\"WebSite\",\"@id\":\"https:\\\/\\\/www.webwise.ie\\\/ga\\\/#website\",\"url\":\"https:\\\/\\\/www.webwise.ie\\\/ga\\\/\",\"name\":\"Webwise\",\"description\":\"The Irish Internet Safety Awareness Centre\",\"potentialAction\":[{\"@type\":\"SearchAction\",\"target\":{\"@type\":\"EntryPoint\",\"urlTemplate\":\"https:\\\/\\\/www.webwise.ie\\\/ga\\\/?s={search_term_string}\"},\"query-input\":{\"@type\":\"PropertyValueSpecification\",\"valueRequired\":true,\"valueName\":\"search_term_string\"}}],\"inLanguage\":\"en-GA\"}]}<\/script>\n<!-- \/ Yoast SEO plugin. -->","yoast_head_json":{"title":"Acmhainn\u00ed um Sh\u00e1bh\u00e1ilteacht Idirl\u00edn: Faigh ceachtanna saor in aisce faoin gcibearbhula\u00edocht","description":"Cabhra\u00edonn acmhainn\u00ed teagaisc Webwise le daoine \u00f3ga foghlaim faoin d\u00f3igh leis na me\u00e1in nua a \u00fas\u00e1id go s\u00e1bh\u00e1ilte agus go dearfach. T\u00e1 pr\u00edobh\u00e1ideachas ar l\u00edne agus an chibearbhula\u00edocht i measc na n-\u00e1bhar a chl\u00fada\u00edtear.","robots":{"index":"index","follow":"follow","max-snippet":"max-snippet:-1","max-image-preview":"max-image-preview:large","max-video-preview":"max-video-preview:-1"},"canonical":"https:\/\/www.webwise.ie\/ga\/faigh-acmhainni\/","og_locale":"en_US","og_type":"article","og_title":"Acmhainn\u00ed um Sh\u00e1bh\u00e1ilteacht Idirl\u00edn: Faigh ceachtanna saor in aisce faoin gcibearbhula\u00edocht","og_description":"Cabhra\u00edonn acmhainn\u00ed teagaisc Webwise le daoine \u00f3ga foghlaim faoin d\u00f3igh leis na me\u00e1in nua a \u00fas\u00e1id go s\u00e1bh\u00e1ilte agus go dearfach. T\u00e1 pr\u00edobh\u00e1ideachas ar l\u00edne agus an chibearbhula\u00edocht i measc na n-\u00e1bhar a chl\u00fada\u00edtear.","og_url":"https:\/\/www.webwise.ie\/ga\/faigh-acmhainni\/","og_site_name":"Webwise.ie","article_publisher":"https:\/\/www.facebook.com\/Webwise\/","article_modified_time":"2025-06-24T12:24:53+00:00","og_image":[{"width":790,"height":1122,"url":"https:\/\/www.webwise.ie\/wp-content\/uploads\/2025\/06\/Eifeacht-an-Omois.jpg","type":"image\/jpeg"}],"twitter_misc":{"Est. reading time":"6 minutes"},"schema":{"@context":"https:\/\/schema.org","@graph":[{"@type":"WebPage","@id":"https:\/\/www.webwise.ie\/ga\/faigh-acmhainni\/","url":"https:\/\/www.webwise.ie\/ga\/faigh-acmhainni\/","name":"Acmhainn\u00ed um Sh\u00e1bh\u00e1ilteacht Idirl\u00edn: Faigh ceachtanna saor in aisce faoin gcibearbhula\u00edocht","isPartOf":{"@id":"https:\/\/www.webwise.ie\/ga\/#website"},"primaryImageOfPage":{"@id":"https:\/\/www.webwise.ie\/ga\/faigh-acmhainni\/#primaryimage"},"image":{"@id":"https:\/\/www.webwise.ie\/ga\/faigh-acmhainni\/#primaryimage"},"thumbnailUrl":"https:\/\/www.webwise.ie\/wp-content\/uploads\/2025\/06\/Eifeacht-an-Omois-211x300.jpg","datePublished":"2014-11-19T18:13:46+00:00","dateModified":"2025-06-24T12:24:53+00:00","description":"Cabhra\u00edonn acmhainn\u00ed teagaisc Webwise le daoine \u00f3ga foghlaim faoin d\u00f3igh leis na me\u00e1in nua a \u00fas\u00e1id go s\u00e1bh\u00e1ilte agus go dearfach. T\u00e1 pr\u00edobh\u00e1ideachas ar l\u00edne agus an chibearbhula\u00edocht i measc na n-\u00e1bhar a chl\u00fada\u00edtear.","breadcrumb":{"@id":"https:\/\/www.webwise.ie\/ga\/faigh-acmhainni\/#breadcrumb"},"inLanguage":"en-GA","potentialAction":[{"@type":"ReadAction","target":["https:\/\/www.webwise.ie\/ga\/faigh-acmhainni\/"]}]},{"@type":"ImageObject","inLanguage":"en-GA","@id":"https:\/\/www.webwise.ie\/ga\/faigh-acmhainni\/#primaryimage","url":"https:\/\/www.webwise.ie\/wp-content\/uploads\/2025\/06\/Eifeacht-an-Omois-211x300.jpg","contentUrl":"https:\/\/www.webwise.ie\/wp-content\/uploads\/2025\/06\/Eifeacht-an-Omois-211x300.jpg"},{"@type":"BreadcrumbList","@id":"https:\/\/www.webwise.ie\/ga\/faigh-acmhainni\/#breadcrumb","itemListElement":[{"@type":"ListItem","position":1,"name":"Home","item":"https:\/\/www.webwise.ie\/ga\/"},{"@type":"ListItem","position":2,"name":"Faigh Acmhainn\u00ed"}]},{"@type":"WebSite","@id":"https:\/\/www.webwise.ie\/ga\/#website","url":"https:\/\/www.webwise.ie\/ga\/","name":"Webwise","description":"The Irish Internet Safety Awareness Centre","potentialAction":[{"@type":"SearchAction","target":{"@type":"EntryPoint","urlTemplate":"https:\/\/www.webwise.ie\/ga\/?s={search_term_string}"},"query-input":{"@type":"PropertyValueSpecification","valueRequired":true,"valueName":"search_term_string"}}],"inLanguage":"en-GA"}]}},"spectra_custom_meta":{"_edit_lock":["1750767780:365"],"_edit_last":["365"],"_wp_page_template":["default"],"_yoast_wpseo_focuskw":["acmhainn\u00ed"],"_yoast_wpseo_title":["Acmhainn\u00ed um Sh\u00e1bh\u00e1ilteacht Idirl\u00edn: Faigh ceachtanna saor in aisce faoin gcibearbhula\u00edocht"],"_yoast_wpseo_metadesc":["Cabhra\u00edonn acmhainn\u00ed teagaisc Webwise le daoine \u00f3ga foghlaim faoin d\u00f3igh leis na me\u00e1in nua a \u00fas\u00e1id go s\u00e1bh\u00e1ilte agus go dearfach. T\u00e1 pr\u00edobh\u00e1ideachas ar l\u00edne agus an chibearbhula\u00edocht i measc na n-\u00e1bhar a chl\u00fada\u00edtear."],"_yoast_wpseo_linkdex":["70"],"_wpml_media_featured":["1"],"_wpb_vc_js_status":["false"],"_yoast_wpseo_focuskw_text_input":["acmhainn\u00ed"],"_yoast_wpseo_content_score":["30"],"child_page_tree_action":["none"],"qode_animate-page-title":["no"],"qode_show-page-title-text":["no"],"qode_show-page-title-image":["no"],"qode_enable-page-comments":["no"],"qode_show-sidebar":["default"],"_last_translation_edit_mode":["native-editor"],"_wpml_media_duplicate":["1"],"_yoast_wpseo_estimated-reading-time-minutes":["6"],"qode_title_in_grid":["yes"],"qode_title_breadcrumbs_postiion":["bellow_title"],"media_boxes_overlay_effect":["default"],"media_boxes_popup_type":["image"],"media_boxes_iframe_on_thumbnail":["no"],"media_boxes_how_many_columns":["1"],"media_boxes_skin":["use_default"],"_wpml_word_count":["{\"total\":898,\"to_translate\":{\"en\":898}}"],"_wpml_location_migration_done":["1"],"_wpb_shortcodes_default_css":[".vc_do_btn{margin-bottom:22px;}"],"_wpb_shortcodes_default_css_updated":["1"],"classic-editor-remember":["classic-editor"],"_wpb_post_custom_layout":["default"],"_uag_page_assets":["a:9:{s:3:\"css\";s:0:\"\";s:2:\"js\";s:0:\"\";s:18:\"current_block_list\";a:1:{i:0;s:12:\"core\/heading\";}s:8:\"uag_flag\";b:0;s:11:\"uag_version\";s:10:\"1777468781\";s:6:\"gfonts\";a:0:{}s:10:\"gfonts_url\";s:0:\"\";s:12:\"gfonts_files\";a:0:{}s:14:\"uag_faq_layout\";b:0;}"]},"uagb_featured_image_src":{"full":false,"thumbnail":false,"medium":false,"medium_large":false,"large":false,"listing-thumbnail":false,"listing-location-thumbnail":false,"1536x1536":false,"2048x2048":false,"gform-image-choice-sm":false,"gform-image-choice-md":false,"gform-image-choice-lg":false},"uagb_author_info":{"display_name":"webster","author_link":"https:\/\/www.webwise.ie\/ga\/author\/webster\/"},"uagb_comment_info":0,"uagb_excerpt":"T\u00e1 roinnt acmhainn\u00ed m\u00fainteoireachta maidir le s\u00e1bh\u00e1ilteacht Idirl\u00edn curtha le ch\u00e9ile ag foireann Webwise. T\u00e1 na hacmhainn\u00ed ar f\u00e1il duitse, [&hellip;]","_links":{"self":[{"href":"https:\/\/www.webwise.ie\/ga\/wp-json\/wp\/v2\/pages\/7873","targetHints":{"allow":["GET"]}}],"collection":[{"href":"https:\/\/www.webwise.ie\/ga\/wp-json\/wp\/v2\/pages"}],"about":[{"href":"https:\/\/www.webwise.ie\/ga\/wp-json\/wp\/v2\/types\/page"}],"author":[{"embeddable":true,"href":"https:\/\/www.webwise.ie\/ga\/wp-json\/wp\/v2\/users\/1"}],"replies":[{"embeddable":true,"href":"https:\/\/www.webwise.ie\/ga\/wp-json\/wp\/v2\/comments?post=7873"}],"version-history":[{"count":11,"href":"https:\/\/www.webwise.ie\/ga\/wp-json\/wp\/v2\/pages\/7873\/revisions"}],"predecessor-version":[{"id":88414,"href":"https:\/\/www.webwise.ie\/ga\/wp-json\/wp\/v2\/pages\/7873\/revisions\/88414"}],"wp:attachment":[{"href":"https:\/\/www.webwise.ie\/ga\/wp-json\/wp\/v2\/media?parent=7873"}],"curies":[{"name":"wp","href":"https:\/\/api.w.org\/{rel}","templated":true}]}}